{"id":7349,"date":"2022-04-22T17:56:25","date_gmt":"2022-04-22T21:56:25","guid":{"rendered":"https:\/\/www.hireimmigrantsottawa.ca\/?page_id=7349"},"modified":"2026-01-29T09:58:58","modified_gmt":"2026-01-29T14:58:58","slug":"sommet-des-employeurs-2","status":"publish","type":"page","link":"https:\/\/www.hireimmigrantsottawa.ca\/fr\/evenements\/sommet-des-employeurs-2\/","title":{"rendered":"Prix et Sommet du Conseil des employeurs champions"},"content":{"rendered":"<p>&nbsp;<\/p>\n<hr \/>\n<h2>Discours-programme &#8211; <em>Leadership inclusif \u2013 Pr\u00eacher par l\u2019exemple<\/em><\/h2>\n<p><iframe title=\"YouTube video player\" src=\"https:\/\/www.youtube.com\/embed\/FwHl5CABd30\" width=\"525\" height=\"300\" frameborder=\"0\" allowfullscreen=\"allowfullscreen\"><\/iframe><br \/>\n(Vid\u00e9o en anglais seulement)<\/p>\n<p>Dans un discours \u00e9mouvant et inspirant, Mohamad Fakih, entrepreneur prim\u00e9, PDG et pr\u00e9sident de Paramount Fine Foods, a pr\u00e9sent\u00e9 des arguments convaincants pour ce qu\u2019il a appel\u00e9 le \u00ab capitalisme bienveillant \u00bb et l\u2019accent sur le bien-\u00eatre des employ\u00e9s.\u202fTirant parti de son exp\u00e9rience en tant que leader et propri\u00e9taire d\u2019entreprise pendant une p\u00e9riode difficile au-del\u00e0 de la pand\u00e9mie, M. Fakih a parl\u00e9 de la fa\u00e7on dont le leadership inclusif peut inspirer et motiver les \u00e9quipes \u00e0 collaborer et \u00e0 innover davantage pour atteindre les r\u00e9sultats d\u2019affaires.<\/p>\n<p style=\"text-align: center;\"><em>\u00ab Si les actionnaires veulent faire de l\u2019argent, ils doivent accorder la priorit\u00e9 \u00e0 leurs employ\u00e9s. \u00bb <\/em>\u00a0 Mohamad Fakih<\/p>\n<hr \/>\n<h2>Discussion en groupe &#8211; <em>Cr\u00e9er des milieux de travail inclusifs<\/em><\/h2>\n<p><iframe title=\"YouTube video player\" src=\"https:\/\/www.youtube.com\/embed\/XjeVY8tg3kY\" width=\"525\" height=\"300\" frameborder=\"0\" allowfullscreen=\"allowfullscreen\"><span data-mce-type=\"bookmark\" style=\"display: inline-block; width: 0px; overflow: hidden; line-height: 0;\" class=\"mce_SELRES_start\">\ufeff<\/span><span data-mce-type=\"bookmark\" style=\"display: inline-block; width: 0px; overflow: hidden; line-height: 0;\" class=\"mce_SELRES_start\">\ufeff<\/span><\/iframe><br \/>\n(Vid\u00e9o en anglais seulement)<\/p>\n<p>Dans le cadre d\u2019un \u00e9change d\u2019id\u00e9es franc, un groupe d\u2019experts en ressources humaines de divers secteurs et organismes a discut\u00e9 de la fa\u00e7on de favoriser l\u2019inclusion et l\u2019appartenance en milieu de travail. Les intervenants ont soulign\u00e9 les d\u00e9fis et les am\u00e9liorations \u00e0 apporter aux pratiques culturelles en milieu de travail, et ont partag\u00e9 des strat\u00e9gies pratiques et des conseils sur la fa\u00e7on dont les organisations et les dirigeants peuvent am\u00e9liorer leurs pratiques en mati\u00e8re de diversit\u00e9 et d\u2019inclusion pour cr\u00e9er un sentiment d\u2019appartenance chez leurs employ\u00e9s.<\/p>\n<p style=\"text-align: center;\"><em>\u00ab La culture s\u2019appuie sur de petits moments significatifs en plus des grandes strat\u00e9gies dont nous avons tous besoin. \u00bb <\/em>\u00a0 Keira Torkko, Chief People Officer, Assent<\/p>\n<hr \/>\n<h2>Laur\u00e9ats du Prix d\u2019excellence de l\u2019employeur 2022<\/h2>\n<p><a href=\"https:\/\/www.hireimmigrantsottawa.ca\/wp-content\/uploads\/2022\/07\/2022EEAward-Recipients.jpg\"><img fetchpriority=\"high\" decoding=\"async\" class=\"alignnone wp-image-7484\" src=\"https:\/\/www.hireimmigrantsottawa.ca\/wp-content\/uploads\/2022\/07\/2022EEAward-Recipients.jpg\" alt=\"\" width=\"540\" height=\"304\" srcset=\"https:\/\/www.hireimmigrantsottawa.ca\/wp-content\/uploads\/2022\/07\/2022EEAward-Recipients.jpg 1024w, https:\/\/www.hireimmigrantsottawa.ca\/wp-content\/uploads\/2022\/07\/2022EEAward-Recipients-300x169.jpg 300w, https:\/\/www.hireimmigrantsottawa.ca\/wp-content\/uploads\/2022\/07\/2022EEAward-Recipients-768x432.jpg 768w\" sizes=\"(max-width: 540px) 100vw, 540px\" \/><\/a><\/p>\n<p>Des employeurs locaux, Giatec Scientific et Iversoft, ont re\u00e7u pour la deuxi\u00e8me ann\u00e9e cons\u00e9cutive le Prix d\u2019excellence de l\u2019employeur pour leurs pratiques inclusives en mati\u00e8re de recrutement, d\u2019int\u00e9gration et de r\u00e9tention d\u2019immigrants qualifi\u00e9s dans leurs milieux de travail. <a href=\"https:\/\/www.hireimmigrantsottawa.ca\/fr\/prix-demployeur\/laureats-2022\/\">Visionner leurs vid\u00e9os<\/a><\/p>\n<p><a href=\"https:\/\/obj.ca\/article\/local\/bright-side-business-giatec-and-iversoft-celebrated-excellence-immigrant-employment\">Lire<\/a> leurs histoires. (en anglais seulement)<\/p>\n<h4><b>Impliquez-vous!<\/b><\/h4>\n<p>Pour savoir comment prendre part au Sommet\u00a0du Conseil des employeurs champions, veuillez communiquer avec Lorena Costa, gestionnaire. Mobilisation des employeurs : <a href=\"mailto:lcosta@hireimmigrantsottawa.ca\">lcosta@hireimmigrantsottawa.ca<\/a> ou 613 228-6715.<\/p>\n<hr \/>\n<p><b>Pr\u00e9c\u00e9dents Sommets et expos\u00e9s d\u2019experts<\/b><\/p>\n<p><strong>2021:<\/strong> <a href=\"https:\/\/www.hireimmigrantsottawa.ca\/fr\/evenements\/sommet-des-employeurs\/sommet-des-employeurs-de-2021\/\"><em>Un avenir prometteur : comment les entreprises peuvent se transformer pour devenir plus inclusives<\/em><\/a><\/p>\n<p><strong>2020:<\/strong> <a href=\"http:\/\/www.hireimmigrantsottawa.ca\/fr\/evenements\/sommet-des-employeurs\/sommet-2020\/\"><em>L\u2019avenir du travail et de l\u2019immigration<\/em><\/a><\/p>\n<p><strong>2019:<\/strong> <a href=\"http:\/\/www.hireimmigrantsottawa.ca\/fr\/evenements\/sommet-des-employeurs\/sommet-des-employeurs-de-2019\/\"><em>Amplifier l\u2019influence pour amorcer un changement<\/em><\/a><\/p>\n<p><strong>2018:<\/strong> <a href=\"http:\/\/www.hireimmigrantsottawa.ca\/fr\/evenements\/sommet-des-employeurs\/sommet-des-employeurs-de-2018\/\"><em>Ensemble pour l\u2019inclusion \u2013 Direction audacieuse pour exploiter le potentiel de la diversit\u00e9<\/em><\/a><\/p>\n<p><strong>2017:<\/strong> <a href=\"http:\/\/www.hireimmigrantsottawa.ca\/fr\/evenements\/sommet-des-employeurs\/sommet-des-employeurs-de-2017\/\"><em>C\u00e9l\u00e9brons 10 ans d\u2019engagement en mati\u00e8re d\u2019embauche d\u2019immigrants<\/em><\/a><\/p>\n<p><strong>2016:<\/strong> <em><a href=\"http:\/\/www.hireimmigrantsottawa.ca\/fr\/evenements\/sommet-des-employeurs\/resume-2016\/\" target=\"_blank\" rel=\"noopener noreferrer\">Aller au-del\u00e0 de nos meilleures intentions : les pr\u00e9jug\u00e9s involontaires, la direction inclusive et l\u2019int\u00e9gration<\/a><\/em><\/p>\n<p><strong>2015:<\/strong> <em><a href=\"http:\/\/www.hireimmigrantsottawa.ca\/fr\/evenements\/sommet-des-employeurs-de-2015\/\" target=\"_blank\" rel=\"noopener noreferrer\">Qualifi\u00e9s pour les emplois : Les exigences en capital humain d\u2019Ottawa dans l\u2019\u00e9conomie du savoir<\/a><\/em><\/p>\n<p><strong>2014:<\/strong> <i><a href=\"http:\/\/www.hireimmigrantsottawa.ca\/fr\/evenements\/2014-employer-council-champions-summit-awards\/\">D\u00e9multiplier les talents des immigr\u00e9s pour d\u00e9velopper et diversifier l\u2019\u00e9conomie d\u2019Ottawa<\/a><\/i><\/p>\n<p><b>2013:<\/b> <em><a href=\"http:\/\/www.hireimmigrantsottawa.ca\/fr\/evenements\/sommet-des-employeurs\/sommet-2013\/\">La diversit\u00e9 fonctionne! \u00c9nergisez, mobilisez et excellez gr\u00e2ce aux talents internationaux<span style=\"line-height: 1.5em;\">\u00a0d&rsquo;Ottawa<\/span><\/a><\/em><\/p>\n<p><b>2012:<\/b> <em><a href=\"http:\/\/www.hireimmigrantsottawa.ca\/fr\/evenements\/sommet-des-employeurs\/sommet2012\/\">Diversit\u00e9 des talents: Viser les sommets<\/a><\/em><\/p>\n<p><b>2011:<\/b> <em><a href=\"http:\/\/www.hireimmigrantsottawa.ca\/fr\/evenements\/sommet-des-employeurs\/le-sommet-de-2011-u-conseil-des-employeurs-champions\/\">Le talent provenant de sources diversifi\u00e9es est le nouvel avantage concurrentiel : attirer,\u00a0<span style=\"line-height: 1.5em;\">perfectionner et fid\u00e9liser<\/span><\/a><\/em><\/p>\n<p><b>2010:<\/b> <em><a href=\"http:\/\/www.hireimmigrantsottawa.ca\/fr\/evenements\/sommet-des-employeurs\/sommet-de-2010-du-cec\/\">Leadership, collaboration et innovation : La cl\u00e9 pour recruter les talents dont Ottawa a besoin<\/a><\/em><\/p>\n","protected":false},"excerpt":{"rendered":"<p>&nbsp; Discours-programme &#8211; Leadership inclusif \u2013 Pr\u00eacher par l\u2019exemple (Vid\u00e9o en anglais seulement) Dans un discours \u00e9mouvant et inspirant, Mohamad Fakih, entrepreneur prim\u00e9, PDG et pr\u00e9sident de Paramount Fine Foods, [&hellip;]<\/p>\n","protected":false},"author":13,"featured_media":11186,"parent":79,"menu_order":0,"comment_status":"closed","ping_status":"closed","template":"","meta":{"_exactmetrics_skip_tracking":false,"_exactmetrics_sitenote_active":false,"_exactmetrics_sitenote_note":"","_exactmetrics_sitenote_category":0,"footnotes":"","_links_to":"","_links_to_target":""},"class_list":["post-7349","page","type-page","status-publish","has-post-thumbnail","hentry"],"yoast_head":"<!-- This site is optimized with the Yoast SEO plugin v27.2 - https:\/\/yoast.com\/product\/yoast-seo-wordpress\/ -->\n<title>Prix et Sommet du Conseil des employeurs champions - Hire Immigrants Ottawa<\/title>\n<meta name=\"robots\" content=\"index, follow, max-snippet:-1, max-image-preview:large, max-video-preview:-1\" \/>\n<link rel=\"canonical\" href=\"https:\/\/www.hireimmigrantsottawa.ca\/fr\/evenements\/sommet-des-employeurs-2\/\" \/>\n<meta property=\"og:locale\" content=\"fr_FR\" \/>\n<meta property=\"og:type\" content=\"article\" \/>\n<meta property=\"og:title\" content=\"Prix et Sommet du Conseil des employeurs champions - Hire Immigrants Ottawa\" \/>\n<meta property=\"og:description\" content=\"&nbsp; Discours-programme &#8211; Leadership inclusif \u2013 Pr\u00eacher par l\u2019exemple (Vid\u00e9o en anglais seulement) Dans un discours \u00e9mouvant et inspirant, Mohamad Fakih, entrepreneur prim\u00e9, PDG et pr\u00e9sident de Paramount Fine Foods, [&hellip;]\" \/>\n<meta property=\"og:url\" content=\"https:\/\/www.hireimmigrantsottawa.ca\/fr\/evenements\/sommet-des-employeurs-2\/\" \/>\n<meta property=\"og:site_name\" content=\"Hire Immigrants Ottawa\" \/>\n<meta property=\"article:modified_time\" content=\"2026-01-29T14:58:58+00:00\" \/>\n<meta property=\"og:image\" content=\"https:\/\/www.hireimmigrantsottawa.ca\/wp-content\/uploads\/2026\/01\/2026-Employer-Summit-Keynote-Wendy-Cukier.png\" \/>\n\t<meta property=\"og:image:width\" content=\"922\" \/>\n\t<meta property=\"og:image:height\" content=\"1024\" \/>\n\t<meta property=\"og:image:type\" content=\"image\/png\" \/>\n<meta name=\"twitter:card\" content=\"summary_large_image\" \/>\n<meta name=\"twitter:site\" content=\"@HireImmOttawa\" \/>\n<meta name=\"twitter:label1\" content=\"Dur\u00e9e de lecture estim\u00e9e\" \/>\n\t<meta name=\"twitter:data1\" content=\"3 minutes\" \/>\n<script type=\"application\/ld+json\" class=\"yoast-schema-graph\">{\"@context\":\"https:\/\/schema.org\",\"@graph\":[{\"@type\":\"WebPage\",\"@id\":\"https:\/\/www.hireimmigrantsottawa.ca\/fr\/evenements\/sommet-des-employeurs-2\/\",\"url\":\"https:\/\/www.hireimmigrantsottawa.ca\/fr\/evenements\/sommet-des-employeurs-2\/\",\"name\":\"Prix et Sommet du Conseil des employeurs champions - Hire Immigrants Ottawa\",\"isPartOf\":{\"@id\":\"https:\/\/www.hireimmigrantsottawa.ca\/#website\"},\"primaryImageOfPage\":{\"@id\":\"https:\/\/www.hireimmigrantsottawa.ca\/fr\/evenements\/sommet-des-employeurs-2\/#primaryimage\"},\"image\":{\"@id\":\"https:\/\/www.hireimmigrantsottawa.ca\/fr\/evenements\/sommet-des-employeurs-2\/#primaryimage\"},\"thumbnailUrl\":\"https:\/\/www.hireimmigrantsottawa.ca\/wp-content\/uploads\/2026\/01\/2026-Employer-Summit-Keynote-Wendy-Cukier.png\",\"datePublished\":\"2022-04-22T21:56:25+00:00\",\"dateModified\":\"2026-01-29T14:58:58+00:00\",\"breadcrumb\":{\"@id\":\"https:\/\/www.hireimmigrantsottawa.ca\/fr\/evenements\/sommet-des-employeurs-2\/#breadcrumb\"},\"inLanguage\":\"fr-FR\",\"potentialAction\":[{\"@type\":\"ReadAction\",\"target\":[\"https:\/\/www.hireimmigrantsottawa.ca\/fr\/evenements\/sommet-des-employeurs-2\/\"]}]},{\"@type\":\"ImageObject\",\"inLanguage\":\"fr-FR\",\"@id\":\"https:\/\/www.hireimmigrantsottawa.ca\/fr\/evenements\/sommet-des-employeurs-2\/#primaryimage\",\"url\":\"https:\/\/www.hireimmigrantsottawa.ca\/wp-content\/uploads\/2026\/01\/2026-Employer-Summit-Keynote-Wendy-Cukier.png\",\"contentUrl\":\"https:\/\/www.hireimmigrantsottawa.ca\/wp-content\/uploads\/2026\/01\/2026-Employer-Summit-Keynote-Wendy-Cukier.png\",\"width\":922,\"height\":1024},{\"@type\":\"BreadcrumbList\",\"@id\":\"https:\/\/www.hireimmigrantsottawa.ca\/fr\/evenements\/sommet-des-employeurs-2\/#breadcrumb\",\"itemListElement\":[{\"@type\":\"ListItem\",\"position\":1,\"name\":\"Home\",\"item\":\"https:\/\/www.hireimmigrantsottawa.ca\/\"},{\"@type\":\"ListItem\",\"position\":2,\"name\":\"\u00c9v\u00e9nements\",\"item\":\"https:\/\/www.hireimmigrantsottawa.ca\/fr\/evenements\/\"},{\"@type\":\"ListItem\",\"position\":3,\"name\":\"Prix et Sommet du Conseil des employeurs champions\"}]},{\"@type\":\"WebSite\",\"@id\":\"https:\/\/www.hireimmigrantsottawa.ca\/#website\",\"url\":\"https:\/\/www.hireimmigrantsottawa.ca\/\",\"name\":\"Hire Immigrants Ottawa\",\"description\":\"increases the capacity of employers to attract and integrate skilled immigrants\",\"publisher\":{\"@id\":\"https:\/\/www.hireimmigrantsottawa.ca\/#organization\"},\"potentialAction\":[{\"@type\":\"SearchAction\",\"target\":{\"@type\":\"EntryPoint\",\"urlTemplate\":\"https:\/\/www.hireimmigrantsottawa.ca\/?s={search_term_string}\"},\"query-input\":{\"@type\":\"PropertyValueSpecification\",\"valueRequired\":true,\"valueName\":\"search_term_string\"}}],\"inLanguage\":\"fr-FR\"},{\"@type\":\"Organization\",\"@id\":\"https:\/\/www.hireimmigrantsottawa.ca\/#organization\",\"name\":\"Hire Immigrants Ottawa\",\"url\":\"https:\/\/www.hireimmigrantsottawa.ca\/\",\"logo\":{\"@type\":\"ImageObject\",\"inLanguage\":\"fr-FR\",\"@id\":\"https:\/\/www.hireimmigrantsottawa.ca\/#\/schema\/logo\/image\/\",\"url\":\"https:\/\/www.hireimmigrantsottawa.ca\/wp-content\/uploads\/2023\/10\/hio-logo_bow_EN_web.png\",\"contentUrl\":\"https:\/\/www.hireimmigrantsottawa.ca\/wp-content\/uploads\/2023\/10\/hio-logo_bow_EN_web.png\",\"width\":745,\"height\":160,\"caption\":\"Hire Immigrants Ottawa\"},\"image\":{\"@id\":\"https:\/\/www.hireimmigrantsottawa.ca\/#\/schema\/logo\/image\/\"},\"sameAs\":[\"https:\/\/x.com\/HireImmOttawa\",\"https:\/\/www.youtube.com\/user\/hireimmigrantsottawa\"]}]}<\/script>\n<!-- \/ Yoast SEO plugin. -->","yoast_head_json":{"title":"Prix et Sommet du Conseil des employeurs champions - Hire Immigrants Ottawa","robots":{"index":"index","follow":"follow","max-snippet":"max-snippet:-1","max-image-preview":"max-image-preview:large","max-video-preview":"max-video-preview:-1"},"canonical":"https:\/\/www.hireimmigrantsottawa.ca\/fr\/evenements\/sommet-des-employeurs-2\/","og_locale":"fr_FR","og_type":"article","og_title":"Prix et Sommet du Conseil des employeurs champions - Hire Immigrants Ottawa","og_description":"&nbsp; Discours-programme &#8211; Leadership inclusif \u2013 Pr\u00eacher par l\u2019exemple (Vid\u00e9o en anglais seulement) Dans un discours \u00e9mouvant et inspirant, Mohamad Fakih, entrepreneur prim\u00e9, PDG et pr\u00e9sident de Paramount Fine Foods, [&hellip;]","og_url":"https:\/\/www.hireimmigrantsottawa.ca\/fr\/evenements\/sommet-des-employeurs-2\/","og_site_name":"Hire Immigrants Ottawa","article_modified_time":"2026-01-29T14:58:58+00:00","og_image":[{"width":922,"height":1024,"url":"https:\/\/www.hireimmigrantsottawa.ca\/wp-content\/uploads\/2026\/01\/2026-Employer-Summit-Keynote-Wendy-Cukier.png","type":"image\/png"}],"twitter_card":"summary_large_image","twitter_site":"@HireImmOttawa","twitter_misc":{"Dur\u00e9e de lecture estim\u00e9e":"3 minutes"},"schema":{"@context":"https:\/\/schema.org","@graph":[{"@type":"WebPage","@id":"https:\/\/www.hireimmigrantsottawa.ca\/fr\/evenements\/sommet-des-employeurs-2\/","url":"https:\/\/www.hireimmigrantsottawa.ca\/fr\/evenements\/sommet-des-employeurs-2\/","name":"Prix et Sommet du Conseil des employeurs champions - Hire Immigrants Ottawa","isPartOf":{"@id":"https:\/\/www.hireimmigrantsottawa.ca\/#website"},"primaryImageOfPage":{"@id":"https:\/\/www.hireimmigrantsottawa.ca\/fr\/evenements\/sommet-des-employeurs-2\/#primaryimage"},"image":{"@id":"https:\/\/www.hireimmigrantsottawa.ca\/fr\/evenements\/sommet-des-employeurs-2\/#primaryimage"},"thumbnailUrl":"https:\/\/www.hireimmigrantsottawa.ca\/wp-content\/uploads\/2026\/01\/2026-Employer-Summit-Keynote-Wendy-Cukier.png","datePublished":"2022-04-22T21:56:25+00:00","dateModified":"2026-01-29T14:58:58+00:00","breadcrumb":{"@id":"https:\/\/www.hireimmigrantsottawa.ca\/fr\/evenements\/sommet-des-employeurs-2\/#breadcrumb"},"inLanguage":"fr-FR","potentialAction":[{"@type":"ReadAction","target":["https:\/\/www.hireimmigrantsottawa.ca\/fr\/evenements\/sommet-des-employeurs-2\/"]}]},{"@type":"ImageObject","inLanguage":"fr-FR","@id":"https:\/\/www.hireimmigrantsottawa.ca\/fr\/evenements\/sommet-des-employeurs-2\/#primaryimage","url":"https:\/\/www.hireimmigrantsottawa.ca\/wp-content\/uploads\/2026\/01\/2026-Employer-Summit-Keynote-Wendy-Cukier.png","contentUrl":"https:\/\/www.hireimmigrantsottawa.ca\/wp-content\/uploads\/2026\/01\/2026-Employer-Summit-Keynote-Wendy-Cukier.png","width":922,"height":1024},{"@type":"BreadcrumbList","@id":"https:\/\/www.hireimmigrantsottawa.ca\/fr\/evenements\/sommet-des-employeurs-2\/#breadcrumb","itemListElement":[{"@type":"ListItem","position":1,"name":"Home","item":"https:\/\/www.hireimmigrantsottawa.ca\/"},{"@type":"ListItem","position":2,"name":"\u00c9v\u00e9nements","item":"https:\/\/www.hireimmigrantsottawa.ca\/fr\/evenements\/"},{"@type":"ListItem","position":3,"name":"Prix et Sommet du Conseil des employeurs champions"}]},{"@type":"WebSite","@id":"https:\/\/www.hireimmigrantsottawa.ca\/#website","url":"https:\/\/www.hireimmigrantsottawa.ca\/","name":"Hire Immigrants Ottawa","description":"increases the capacity of employers to attract and integrate skilled immigrants","publisher":{"@id":"https:\/\/www.hireimmigrantsottawa.ca\/#organization"},"potentialAction":[{"@type":"SearchAction","target":{"@type":"EntryPoint","urlTemplate":"https:\/\/www.hireimmigrantsottawa.ca\/?s={search_term_string}"},"query-input":{"@type":"PropertyValueSpecification","valueRequired":true,"valueName":"search_term_string"}}],"inLanguage":"fr-FR"},{"@type":"Organization","@id":"https:\/\/www.hireimmigrantsottawa.ca\/#organization","name":"Hire Immigrants Ottawa","url":"https:\/\/www.hireimmigrantsottawa.ca\/","logo":{"@type":"ImageObject","inLanguage":"fr-FR","@id":"https:\/\/www.hireimmigrantsottawa.ca\/#\/schema\/logo\/image\/","url":"https:\/\/www.hireimmigrantsottawa.ca\/wp-content\/uploads\/2023\/10\/hio-logo_bow_EN_web.png","contentUrl":"https:\/\/www.hireimmigrantsottawa.ca\/wp-content\/uploads\/2023\/10\/hio-logo_bow_EN_web.png","width":745,"height":160,"caption":"Hire Immigrants Ottawa"},"image":{"@id":"https:\/\/www.hireimmigrantsottawa.ca\/#\/schema\/logo\/image\/"},"sameAs":["https:\/\/x.com\/HireImmOttawa","https:\/\/www.youtube.com\/user\/hireimmigrantsottawa"]}]}},"_links":{"self":[{"href":"https:\/\/www.hireimmigrantsottawa.ca\/fr\/wp-json\/wp\/v2\/pages\/7349","targetHints":{"allow":["GET"]}}],"collection":[{"href":"https:\/\/www.hireimmigrantsottawa.ca\/fr\/wp-json\/wp\/v2\/pages"}],"about":[{"href":"https:\/\/www.hireimmigrantsottawa.ca\/fr\/wp-json\/wp\/v2\/types\/page"}],"author":[{"embeddable":true,"href":"https:\/\/www.hireimmigrantsottawa.ca\/fr\/wp-json\/wp\/v2\/users\/13"}],"replies":[{"embeddable":true,"href":"https:\/\/www.hireimmigrantsottawa.ca\/fr\/wp-json\/wp\/v2\/comments?post=7349"}],"version-history":[{"count":13,"href":"https:\/\/www.hireimmigrantsottawa.ca\/fr\/wp-json\/wp\/v2\/pages\/7349\/revisions"}],"predecessor-version":[{"id":11241,"href":"https:\/\/www.hireimmigrantsottawa.ca\/fr\/wp-json\/wp\/v2\/pages\/7349\/revisions\/11241"}],"up":[{"embeddable":true,"href":"https:\/\/www.hireimmigrantsottawa.ca\/fr\/wp-json\/wp\/v2\/pages\/79"}],"wp:featuredmedia":[{"embeddable":true,"href":"https:\/\/www.hireimmigrantsottawa.ca\/fr\/wp-json\/wp\/v2\/media\/11186"}],"wp:attachment":[{"href":"https:\/\/www.hireimmigrantsottawa.ca\/fr\/wp-json\/wp\/v2\/media?parent=7349"}],"curies":[{"name":"wp","href":"https:\/\/api.w.org\/{rel}","templated":true}]}}